{"id":8,"date":"2026-08-20T08:49:25","date_gmt":"2026-08-20T06:49:25","guid":{"rendered":"https:\/\/kluddgymmet.stickysites.net\/?page_id=8"},"modified":"2026-09-04T08:59:59","modified_gmt":"2026-09-04T06:59:59","slug":"kluddgymmet","status":"publish","type":"page","link":"https:\/\/kluddgymmet.se\/","title":{"rendered":"Kluddgymmet"},"content":{"rendered":"\n<section class=\"wp-block-group alignfull kg-section kg-section--hero is-layout-constrained wp-block-group-is-layout-constrained\">\n<div class=\"wp-block-group is-layout-constrained wp-block-group-is-layout-constrained\">\n<div class=\"wp-block-columns are-vertically-aligned-center is-layout-flex wp-container-core-columns-is-layout-89c98654 wp-block-columns-is-layout-flex\">\n<div class=\"wp-block-column is-vertically-aligned-center is-layout-flow wp-block-column-is-layout-flow\" style=\"flex-basis:62%\">\n<p class=\"kg-section-label kg-section-label--mint has-ink-color has-text-color has-link-color wp-elements-710d3a64f2a9be02b47f21b1745c5048 wp-block-paragraph\"><strong>Stretcha din kreativitet<\/strong><\/p>\n\n\n\n<h1 class=\"wp-block-heading kg-hero-title has-pink-gallery-color has-text-color\">Kreativitet \u00e4r en muskel, inte en talang!<\/h1>\n\n\n\n<p class=\"kg-lead has-body-large-font-size wp-block-paragraph\">Kluddgymmet \u00e4r en plats d\u00e4r du tr\u00e4nar kreativitet, utan press p\u00e5 resultat \u2014 bara gl\u00e4dje och nyfikenhet inf\u00f6r det som skapas. Ju mer du tr\u00e4nar den kreativa muskeln, desto starkare blir den.<\/p>\n\n\n\n<p class=\"wp-block-paragraph\"><strong>Vi k\u00f6r ig\u00e5ng med: <mark style=\"background-color:rgba(0, 0, 0, 0)\" class=\"has-inline-color has-coral-color\">Skapa med f\u00e4rg!<\/mark><\/strong><br>Torsdagar 18.00 \u201320.00 \u00b7 V\u00e4ndgatan 5, Skoghall \u2014 start 10 september<\/p>\n\n\n\n<div class=\"wp-block-buttons is-layout-flex wp-block-buttons-is-layout-flex\">\n<div class=\"wp-block-button is-style-kludd-brush\"><a class=\"wp-block-button__link wp-element-button\" href=\"#boka\">Boka pass<\/a><\/div>\n<\/div>\n<\/div>\n\n\n\n<div class=\"wp-block-column is-vertically-aligned-center is-layout-flow wp-block-column-is-layout-flow\" style=\"flex-basis:18%\"><\/div>\n<\/div>\n<\/div>\n<\/section>\n\n\n\n<section class=\"wp-block-group alignfull kg-section kg-section--themes has-mint-wash-background-color has-background is-layout-constrained wp-block-group-is-layout-constrained\" id=\"teman\">\n<p class=\"kg-section-label has-pink-dark-color has-text-color has-link-color wp-elements-b42a6b49f845ba7ca57b04d52888e73f wp-block-paragraph\">Terminens teman<\/p>\n\n\n\n<h2 class=\"wp-block-heading kg-section-title has-teal-color has-text-color has-x-large-font-size\">Fyra teman, en termin<\/h2>\n\n\n\n<p class=\"kg-section-intro has-near-black-color has-text-color wp-block-paragraph\">Var fj\u00e4rde vecka byter vi material och angreppss\u00e4tt. Hoppa in n\u00e4r som helst \u2014 varje pass \u00e4r sin egen kluddresa.<\/p>\n\n\n\n<div class=\"wp-block-columns alignfull is-style-kludd-cards is-layout-flex wp-container-core-columns-is-layout-89c98654 wp-block-columns-is-layout-flex\">\n<div class=\"wp-block-column is-layout-flow wp-block-column-is-layout-flow\">\n<div class=\"wp-block-group kg-theme-card is-style-kludd-card has-white-background-color has-background is-layout-constrained wp-block-group-is-layout-constrained\">\n<figure class=\"wp-block-image size-full\"><img loading=\"lazy\" decoding=\"async\" width=\"606\" height=\"604\" src=\"https:\/\/kluddgymmet.stickysites.net\/wp-content\/uploads\/2026\/08\/Kluddgymm_16.jpg\" alt=\"\" class=\"wp-image-69\" srcset=\"https:\/\/kluddgymmet.se\/wp-content\/uploads\/2026\/08\/Kluddgymm_16.jpg 606w, https:\/\/kluddgymmet.se\/wp-content\/uploads\/2026\/08\/Kluddgymm_16-300x300.jpg 300w, https:\/\/kluddgymmet.se\/wp-content\/uploads\/2026\/08\/Kluddgymm_16-150x150.jpg 150w\" sizes=\"auto, (max-width: 606px) 100vw, 606px\" \/><figcaption class=\"wp-element-caption\">Screenshot<\/figcaption><\/figure>\n\n\n\n<p class=\"kg-theme-card__tag has-pink-dark-color has-text-color has-link-color wp-elements-96a7a2a6e63e18b5820262fa4f2f651d wp-block-paragraph\">F\u00e4rgstyrka<\/p>\n\n\n\n<h3 class=\"wp-block-heading has-pink-dark-color has-text-color has-card-title-font-size\">Skapa i f\u00e4rg<\/h3>\n\n\n\n<p class=\"kg-theme-card__dates has-ink-muted-color has-text-color has-small-font-size wp-block-paragraph\">10, 17, 24 september<\/p>\n<\/div>\n<\/div>\n\n\n\n<div class=\"wp-block-column is-layout-flow wp-block-column-is-layout-flow\">\n<div class=\"wp-block-group kg-theme-card is-style-kludd-card has-white-background-color has-background is-layout-constrained wp-block-group-is-layout-constrained\">\n<figure class=\"wp-block-image size-full\"><img loading=\"lazy\" decoding=\"async\" width=\"606\" height=\"604\" src=\"https:\/\/kluddgymmet.stickysites.net\/wp-content\/uploads\/2026\/08\/Kluddgymm_7.jpg\" alt=\"\" class=\"wp-image-48\" srcset=\"https:\/\/kluddgymmet.se\/wp-content\/uploads\/2026\/08\/Kluddgymm_7.jpg 606w, https:\/\/kluddgymmet.se\/wp-content\/uploads\/2026\/08\/Kluddgymm_7-300x300.jpg 300w, https:\/\/kluddgymmet.se\/wp-content\/uploads\/2026\/08\/Kluddgymm_7-150x150.jpg 150w\" sizes=\"auto, (max-width: 606px) 100vw, 606px\" \/><figcaption class=\"wp-element-caption\">Screenshot<\/figcaption><\/figure>\n\n\n\n<p class=\"kg-theme-card__tag has-ink-muted-color has-text-color has-link-color wp-elements-ae5c2e236c559691f20a0083e453cd75 wp-block-paragraph\">Riv, klipp &amp; klistra<\/p>\n\n\n\n<h3 class=\"wp-block-heading has-teal-color has-text-color has-card-title-font-size\">Kollage<\/h3>\n\n\n\n<p class=\"kg-theme-card__dates has-ink-muted-color has-text-color has-small-font-size wp-block-paragraph\">1, 8, 15, 22 oktober<\/p>\n<\/div>\n<\/div>\n\n\n\n<div class=\"wp-block-column is-layout-flow wp-block-column-is-layout-flow\">\n<div class=\"wp-block-group kg-theme-card is-style-kludd-card has-white-background-color has-background is-layout-constrained wp-block-group-is-layout-constrained\">\n<figure class=\"wp-block-image size-full\"><img loading=\"lazy\" decoding=\"async\" width=\"606\" height=\"604\" src=\"https:\/\/kluddgymmet.stickysites.net\/wp-content\/uploads\/2026\/08\/Kluddgymm_14.jpg\" alt=\"\" class=\"wp-image-65\" srcset=\"https:\/\/kluddgymmet.se\/wp-content\/uploads\/2026\/08\/Kluddgymm_14.jpg 606w, https:\/\/kluddgymmet.se\/wp-content\/uploads\/2026\/08\/Kluddgymm_14-300x300.jpg 300w, https:\/\/kluddgymmet.se\/wp-content\/uploads\/2026\/08\/Kluddgymm_14-150x150.jpg 150w\" sizes=\"auto, (max-width: 606px) 100vw, 606px\" \/><figcaption class=\"wp-element-caption\">Screenshot<\/figcaption><\/figure>\n\n\n\n<p class=\"kg-theme-card__tag wp-block-paragraph\">Skapa i 3D<\/p>\n\n\n\n<h3 class=\"wp-block-heading has-teal-color has-text-color has-card-title-font-size\">Skapa i kartong<\/h3>\n\n\n\n<p class=\"kg-theme-card__dates has-ink-muted-color has-text-color has-small-font-size wp-block-paragraph\">29 okt, 5, 12, 19 november<\/p>\n<\/div>\n<\/div>\n\n\n\n<div class=\"wp-block-column is-layout-flow wp-block-column-is-layout-flow\">\n<div class=\"wp-block-group kg-theme-card is-style-kludd-card has-white-background-color has-background is-layout-constrained wp-block-group-is-layout-constrained\">\n<figure class=\"wp-block-image size-full\"><img loading=\"lazy\" decoding=\"async\" width=\"606\" height=\"604\" src=\"https:\/\/kluddgymmet.stickysites.net\/wp-content\/uploads\/2026\/08\/Kluddgymm_15.jpg\" alt=\"\" class=\"wp-image-66\" srcset=\"https:\/\/kluddgymmet.se\/wp-content\/uploads\/2026\/08\/Kluddgymm_15.jpg 606w, https:\/\/kluddgymmet.se\/wp-content\/uploads\/2026\/08\/Kluddgymm_15-300x300.jpg 300w, https:\/\/kluddgymmet.se\/wp-content\/uploads\/2026\/08\/Kluddgymm_15-150x150.jpg 150w\" sizes=\"auto, (max-width: 606px) 100vw, 606px\" \/><figcaption class=\"wp-element-caption\">Screenshot<\/figcaption><\/figure>\n\n\n\n<p class=\"kg-theme-card__tag has-ink-muted-color has-text-color has-link-color wp-elements-4d0691090ee3ef04dc921b3155f88ca1 wp-block-paragraph\">Forma &amp; bygg<\/p>\n\n\n\n<h3 class=\"wp-block-heading has-ink-muted-color has-text-color has-card-title-font-size\">Papier mach\u00e9<\/h3>\n\n\n\n<p class=\"kg-theme-card__dates has-ink-muted-color has-text-color has-small-font-size wp-block-paragraph\">26 nov, 3, 10, 17 december<\/p>\n<\/div>\n<\/div>\n<\/div>\n<\/section>\n\n\n\n<section class=\"wp-block-group alignfull kg-section kg-section--pricing has-paper-warm-background-color has-background is-layout-constrained wp-block-group-is-layout-constrained\" id=\"priser\">\n<p class=\"has-text-align-center kg-section-label wp-block-paragraph\">Priser<\/p>\n\n\n\n<h2 class=\"wp-block-heading has-text-align-center alignfull kg-section-title has-teal-color has-text-color has-x-large-font-size\">V\u00e4lj din v\u00e4g in<\/h2>\n\n\n\n<div class=\"wp-block-columns alignfull is-style-kludd-cards is-layout-flex wp-container-core-columns-is-layout-89c98654 wp-block-columns-is-layout-flex\">\n<div class=\"wp-block-column is-layout-flow wp-block-column-is-layout-flow\">\n<div class=\"wp-block-group kg-price-card is-style-kludd-card has-ink-color has-white-background-color has-text-color has-background is-layout-constrained wp-block-group-is-layout-constrained\">\n<p class=\"kg-kicker has-coral-color has-text-color has-caption-font-size wp-block-paragraph\">Nyfiken?<\/p>\n\n\n\n<h3 class=\"wp-block-heading has-ink-color has-text-color has-price-title-font-size\">Prova-p\u00e5<\/h3>\n\n\n\n<p class=\"kg-price has-price-font-size wp-block-paragraph\">349 kr<\/p>\n\n\n\n<p class=\"kg-price-sub wp-block-paragraph\">eng\u00e5ngspass<\/p>\n\n\n\n<p class=\"wp-block-paragraph\">Testa k\u00e4nslan i rummet, ett torsdagspass, inga f\u00f6rpliktelser.<\/p>\n\n\n\n<div class=\"wp-block-buttons kg-price-card__cta kg-price-card__cta--pink is-layout-flex wp-block-buttons-is-layout-flex\">\n<div class=\"wp-block-button has-custom-width wp-block-button__width-100\"><a class=\"wp-block-button__link wp-element-button\" href=\"#boka\">V\u00e4lj &amp; boka<\/a><\/div>\n<\/div>\n<\/div>\n<\/div>\n\n\n\n<div class=\"wp-block-column is-layout-flow wp-block-column-is-layout-flow\">\n<div class=\"wp-block-group kg-price-card kg-price-card--popular is-style-kludd-card has-ink-color has-white-background-color has-text-color has-background is-layout-constrained wp-block-group-is-layout-constrained\">\n<p class=\"kg-kicker has-coral-color has-text-color has-caption-font-size wp-block-paragraph\">Mest popul\u00e4r<\/p>\n\n\n\n<h3 class=\"wp-block-heading has-ink-color has-text-color has-price-title-font-size\">4-kort<\/h3>\n\n\n\n<p class=\"kg-price has-price-font-size wp-block-paragraph\">1 200 kr<\/p>\n\n\n\n<p class=\"kg-price-sub wp-block-paragraph\">300 kr \/ pass<\/p>\n\n\n\n<p class=\"wp-block-paragraph\">Fyra pass att anv\u00e4nda i din takt \u2014 perfekt f\u00f6r att komma ig\u00e5ng p\u00e5 riktigt. G\u00e4ller i 3 m\u00e5nader.<\/p>\n\n\n\n<div class=\"wp-block-buttons kg-price-card__cta kg-price-card__cta--teal is-layout-flex wp-block-buttons-is-layout-flex\">\n<div class=\"wp-block-button has-custom-width wp-block-button__width-100\"><a class=\"wp-block-button__link wp-element-button\" href=\"#boka\">V\u00e4lj &amp; boka<\/a><\/div>\n<\/div>\n<\/div>\n<\/div>\n\n\n\n<div class=\"wp-block-column is-layout-flow wp-block-column-is-layout-flow\">\n<div class=\"wp-block-group kg-price-card kg-price-card--inverse is-style-kludd-card has-ink-color has-white-background-color has-text-color has-background is-layout-constrained wp-block-group-is-layout-constrained\">\n<p class=\"kg-kicker has-coral-color has-text-color has-caption-font-size wp-block-paragraph\">B\u00e4sta v\u00e4rde<\/p>\n\n\n\n<h3 class=\"wp-block-heading has-ink-color has-text-color has-price-title-font-size\">8-kort<\/h3>\n\n\n\n<p class=\"kg-price has-price-font-size wp-block-paragraph\">2250 kr<\/p>\n\n\n\n<p class=\"kg-price-sub wp-block-paragraph\">280 kr \/ pass<\/p>\n\n\n\n<p class=\"wp-block-paragraph\">\u00c5tta pass att anv\u00e4nda i din takt \u2014 passar dig som vill skapa en kreativ rutin. G\u00e4ller i 6 m\u00e5nader.<\/p>\n\n\n\n<div class=\"wp-block-buttons kg-price-card__cta kg-price-card__cta--mint is-layout-flex wp-block-buttons-is-layout-flex\">\n<div class=\"wp-block-button has-custom-width wp-block-button__width-100\"><a class=\"wp-block-button__link wp-element-button\" href=\"#boka\">V\u00e4lj &amp; boka<\/a><\/div>\n<\/div>\n<\/div>\n<\/div>\n<\/div>\n<\/section>\n\n\n\n<section class=\"wp-block-group alignfull kg-section kg-section--about has-mint-wash-light-background-color has-background is-layout-constrained wp-block-group-is-layout-constrained\" id=\"om\">\n<div class=\"wp-block-columns are-vertically-aligned-center kg-about-layout is-layout-flex wp-container-core-columns-is-layout-89c98654 wp-block-columns-is-layout-flex\">\n<div class=\"wp-block-column is-vertically-aligned-center kg-about-copy is-layout-flow wp-block-column-is-layout-flow\" style=\"flex-basis:42%\">\n<h2 class=\"wp-block-heading kg-section-title has-teal-color has-text-color has-x-large-font-size\">Ett gym f\u00f6r ditt kreativa jag!<\/h2>\n\n\n\n<p class=\"wp-block-paragraph\">M\u00e5nga vuxna har slutat skapa, kanske f\u00f6r att de n\u00e5gonstans p\u00e5 v\u00e4gen fick f\u00f6r sig att de inte kan. Eller att rita bara \u00e4r f\u00f6r barn, att m\u00e5la \u00e4r f\u00f6r konstn\u00e4rer och att kludda \u00e4r sl\u00f6seri med tid. Men att skapa n\u00e5got med h\u00e4nderna lugnar nervsystemet, s\u00e4nker pulsen och bygger ett slags sj\u00e4lvf\u00f6rtroende och lugn i kroppen. Jag \u00e4r \u00f6vertygad om att den kreativa \u201dmuskeln\u201d fungerar precis som vilken annan muskel som helst: den blir starkare av att anv\u00e4ndas. Kluddgymmet \u00e4r en plats dit du kommer f\u00f6r att testa, klanta dig, kludda \u2014 och uppt\u00e4cka vad som h\u00e4nder n\u00e4r du sl\u00e4pper krav p\u00e5 att det m\u00e5ste bli bra.<\/p>\n<\/div>\n\n\n\n<div class=\"wp-block-column is-vertically-aligned-center is-layout-flow wp-block-column-is-layout-flow\" style=\"flex-basis:58%\">\n<div class=\"wp-block-group kg-about-values is-layout-constrained wp-block-group-is-layout-constrained\">\n<div class=\"wp-block-group kg-value-card has-mint-soft-background-color has-background is-layout-constrained wp-block-group-is-layout-constrained\">\n<h3 class=\"wp-block-heading has-teal-color has-text-color has-medium-font-size\">Inget ska bli bra<\/h3>\n\n\n\n<p class=\"has-ink-muted-color has-text-color wp-block-paragraph\">Det blir vad det blir. Resultatet \u00e4r en bonus, inte m\u00e5let. Du \u00e4r h\u00e4r f\u00f6r processen.<\/p>\n<\/div>\n\n\n\n<div class=\"wp-block-group kg-value-card has-pink-soft-background-color has-background is-layout-constrained wp-block-group-is-layout-constrained\">\n<h3 class=\"wp-block-heading has-pink-dark-color has-text-color has-medium-font-size\">H\u00e4nder f\u00f6re hj\u00e4rna<\/h3>\n\n\n\n<p class=\"has-pink-dark-color has-text-color wp-block-paragraph\">Vi b\u00f6rjar passet med en uppv\u00e4rmning. Sen \u00e4r tanken att du jobbar utan att t\u00e4nka efter allt f\u00f6r mycket.<\/p>\n<\/div>\n\n\n\n<div class=\"wp-block-group kg-value-card has-ink-soft-background-color has-background is-layout-constrained wp-block-group-is-layout-constrained\">\n<h3 class=\"wp-block-heading has-ink-muted-color has-text-color has-medium-font-size\">Inga f\u00f6rkunskaper<\/h3>\n\n\n\n<p class=\"has-ink-muted-color has-text-color wp-block-paragraph\">Jag f\u00f6rklarar tekniken under passet. Du kan komma helt \u201dblank\u201d och utan f\u00f6rkunskaper.<\/p>\n<\/div>\n<\/div>\n<\/div>\n<\/div>\n<\/section>\n\n\n\n<section class=\"wp-block-group alignfull kg-section kg-section--gallery has-cream-background-color has-background is-layout-constrained wp-block-group-is-layout-constrained\" id=\"galleri\">\n<p class=\"kg-section-label has-pink-dark-color has-text-color has-link-color wp-elements-170c7698d20a2a58627f6c40b697a0ae wp-block-paragraph\">Fr\u00e5n gymmet<\/p>\n\n\n\n<h2 class=\"wp-block-heading has-text-align-left alignfull kg-section-title has-pink-gallery-color has-text-color has-x-large-font-size\">Kluddgymspasset IRL<\/h2>\n\n\n\n<p class=\"kg-section-intro wp-block-paragraph\">Bilder och r\u00f6ster fr\u00e5n n\u00e5gra deltagare<\/p>\n\n\n\n<div class=\"wp-block-group kg-testimonial-carousel-shell is-layout-flow wp-block-group-is-layout-flow\">\n<button class=\"kg-carousel-control kg-carousel-control--previous\" type=\"button\" aria-label=\"F\u00f6reg\u00e5ende objekt\"><svg aria-hidden=\"true\" viewBox=\"0 0 16 16\" fill=\"none\"><path d=\"M10 2 4 8l6 6\" stroke=\"currentColor\" stroke-width=\"2\" stroke-linecap=\"round\" stroke-linejoin=\"round\"\/><\/svg><\/button>\n\n\n\n<div class=\"wp-block-group kg-testimonial-carousel is-layout-flow wp-block-group-is-layout-flow\">\n<div class=\"wp-block-group kg-carousel-item kg-carousel-item--quote has-border-color has-pink-border-color is-layout-constrained wp-block-group-is-layout-constrained\">\n<blockquote class=\"wp-block-quote is-layout-flow wp-block-quote-is-layout-flow\">\n<p class=\"wp-block-paragraph\">\u201dSansl\u00f6st roligt! Jag skapade utan krav och prestations\u00e5ngest\u201d<\/p>\n<cite>Ulrica, 50 \u00e5r<\/cite><\/blockquote>\n<\/div>\n\n\n\n<div class=\"wp-block-group kg-carousel-item kg-carousel-item--image has-border-color has-mint-border-color is-layout-constrained wp-block-group-is-layout-constrained\">\n<figure class=\"wp-block-image size-full\"><img loading=\"lazy\" decoding=\"async\" width=\"606\" height=\"604\" src=\"https:\/\/kluddgymmet.stickysites.net\/wp-content\/uploads\/2026\/08\/Kluddgymm_18.jpg\" alt=\"\" class=\"wp-image-71\" srcset=\"https:\/\/kluddgymmet.se\/wp-content\/uploads\/2026\/08\/Kluddgymm_18.jpg 606w, https:\/\/kluddgymmet.se\/wp-content\/uploads\/2026\/08\/Kluddgymm_18-300x300.jpg 300w, https:\/\/kluddgymmet.se\/wp-content\/uploads\/2026\/08\/Kluddgymm_18-150x150.jpg 150w\" sizes=\"auto, (max-width: 606px) 100vw, 606px\" \/><figcaption class=\"wp-element-caption\">Screenshot<\/figcaption><\/figure>\n<\/div>\n\n\n\n<div class=\"wp-block-group kg-carousel-item kg-carousel-item--quote has-border-color has-teal-border-color is-layout-constrained wp-block-group-is-layout-constrained\">\n<blockquote class=\"wp-block-quote is-layout-flow wp-block-quote-is-layout-flow\">\n<p class=\"wp-block-paragraph\">\u201dJag tyckte det var kul att f\u00e5 kladda loss och vara kreativ\u201d<\/p>\n<cite>Hanna, 20 \u00e5r<\/cite><\/blockquote>\n<\/div>\n\n\n\n<div class=\"wp-block-group kg-carousel-item kg-carousel-item--image has-border-color has-lime-border-color is-layout-constrained wp-block-group-is-layout-constrained\">\n<figure class=\"wp-block-image size-full\"><img loading=\"lazy\" decoding=\"async\" width=\"606\" height=\"604\" src=\"https:\/\/kluddgymmet.stickysites.net\/wp-content\/uploads\/2026\/08\/Kluddgymm_11B.jpg\" alt=\"\" class=\"wp-image-73\" srcset=\"https:\/\/kluddgymmet.se\/wp-content\/uploads\/2026\/08\/Kluddgymm_11B.jpg 606w, https:\/\/kluddgymmet.se\/wp-content\/uploads\/2026\/08\/Kluddgymm_11B-300x300.jpg 300w, https:\/\/kluddgymmet.se\/wp-content\/uploads\/2026\/08\/Kluddgymm_11B-150x150.jpg 150w\" sizes=\"auto, (max-width: 606px) 100vw, 606px\" \/><figcaption class=\"wp-element-caption\">Screenshot<\/figcaption><\/figure>\n\n\n\n<figure class=\"wp-block-image size-full\"><img loading=\"lazy\" decoding=\"async\" width=\"606\" height=\"604\" src=\"https:\/\/kluddgymmet.stickysites.net\/wp-content\/uploads\/2026\/08\/Kluddgymm_11B.jpg\" alt=\"\" class=\"wp-image-73\" srcset=\"https:\/\/kluddgymmet.se\/wp-content\/uploads\/2026\/08\/Kluddgymm_11B.jpg 606w, https:\/\/kluddgymmet.se\/wp-content\/uploads\/2026\/08\/Kluddgymm_11B-300x300.jpg 300w, https:\/\/kluddgymmet.se\/wp-content\/uploads\/2026\/08\/Kluddgymm_11B-150x150.jpg 150w\" sizes=\"auto, (max-width: 606px) 100vw, 606px\" \/><\/figure>\n<\/div>\n\n\n\n<div class=\"wp-block-group kg-carousel-item kg-carousel-item--quote has-border-color has-pink-dark-border-color is-layout-constrained wp-block-group-is-layout-constrained\">\n<blockquote class=\"wp-block-quote is-layout-flow wp-block-quote-is-layout-flow\">\n<p class=\"wp-block-paragraph\">\u201dRoligt, uppslukande, energigivande och lite utmanande\u201d<\/p>\n<cite>Anders, 40 \u00e5r<\/cite><\/blockquote>\n<\/div>\n<\/div>\n\n\n\n<button class=\"kg-carousel-control kg-carousel-control--next\" type=\"button\" aria-label=\"N\u00e4sta objekt\"><svg aria-hidden=\"true\" viewBox=\"0 0 16 16\" fill=\"none\"><path d=\"M6 2l6 6-6 6\" stroke=\"currentColor\" stroke-width=\"2\" stroke-linecap=\"round\" stroke-linejoin=\"round\"\/><\/svg><\/button>\n<\/div>\n<\/section>\n\n\n\n<section class=\"wp-block-group alignfull kg-section kg-section--booking has-pink-background-color has-background is-layout-constrained wp-block-group-is-layout-constrained\" id=\"boka\">\n<div class=\"wp-block-group kg-booking-shell has-white-color has-teal-background-color has-text-color has-background is-layout-constrained wp-block-group-is-layout-constrained\">\n<p class=\"has-text-align-center kg-section-label kg-section-label--mint has-teal-color has-text-color has-link-color wp-elements-a8324604fa6c2e6ebabf301b35a5cf50 wp-block-paragraph\">Boka pass<\/p>\n\n\n\n<h2 class=\"wp-block-heading has-text-align-center kg-section-title has-white-color has-text-color has-booking-title-font-size\">Hitta ditt torsdagspass<\/h2>\n\n\n\n<p class=\"has-text-align-center wp-block-paragraph\">V\u00e4lj ett pass och slutf\u00f6r bokningen tryggt hos Boka Mera.<\/p>\n\n\n<div class=\"kg-bokamera-widget\"><div id=\"bokamera-embedded\"><\/div><\/div><\/div>\n<\/section>\n\n\n\n<section class=\"wp-block-group alignfull kg-section kg-section--instructor is-layout-constrained wp-block-group-is-layout-constrained\" id=\"konstnar\">\n<div class=\"wp-block-group is-layout-constrained wp-block-group-is-layout-constrained\">\n<div class=\"wp-block-columns are-vertically-aligned-center is-layout-flex wp-container-core-columns-is-layout-89c98654 wp-block-columns-is-layout-flex\">\n<div class=\"wp-block-column is-vertically-aligned-center is-layout-flow wp-block-column-is-layout-flow\" style=\"flex-basis:50%\">\n<figure class=\"wp-block-image size-large kg-instructor-portrait\"><img decoding=\"async\" src=\"https:\/\/kluddgymmet.stickysites.net\/wp-content\/themes\/kluddgymmet\/assets\/images\/instructor-portrait.png\" alt=\"Illustration av Sara, Kluddgymsinstrukt\u00f6ren\"\/><\/figure>\n<\/div>\n\n\n\n<div class=\"wp-block-column is-vertically-aligned-center is-layout-flow wp-block-column-is-layout-flow\" style=\"flex-basis:50%\">\n<p class=\"kg-section-label kg-section-label--dark wp-block-paragraph\">Kluddgymsinstrukt\u00f6ren<\/p>\n\n\n\n<h2 class=\"wp-block-heading kg-section-title has-teal-color has-text-color has-x-large-font-size\">Vem &amp; varf\u00f6r<\/h2>\n\n\n\n<p class=\"wp-block-paragraph\">Jag heter Sara och driver Kluddgymmet \u2014 vid sidan av anst\u00e4llning och mitt eget skapande som g\u00e5r under namnet Sarssonart. Jag startar Kluddgymmet f\u00f6r att jag vill skapa en plats d\u00e4r man prestigel\u00f6st och nyfiket skapar tillsammans. D\u00e4r processen \u00e4r viktigare \u00e4n resultatet.<\/p>\n\n\n\n<p class=\"wp-block-paragraph\">En plats d\u00e4r kreativitet f\u00e5r vara ett hantverk man tr\u00e4nar, inte en g\u00e5va man antingen har eller inte har. Du \u00e4r varmt v\u00e4lkommen att uppleva k\u00e4nslan av kravl\u00f6st skapande i h\u00e4rlig gemenskap. <\/p>\n<\/div>\n<\/div>\n<\/div>\n<\/section>\n\n\n\n<section class=\"wp-block-group alignfull kg-section kg-section--location has-teal-background-color has-background is-layout-constrained wp-block-group-is-layout-constrained\" id=\"hitta-hit\">\n<div class=\"wp-block-columns are-vertically-aligned-center is-layout-flex wp-container-core-columns-is-layout-89c98654 wp-block-columns-is-layout-flex\">\n<div class=\"wp-block-column is-vertically-aligned-center is-layout-flow wp-block-column-is-layout-flow\">\n<p class=\"kg-section-label has-pink-dark-color has-text-color wp-block-paragraph\">Hitta hit<\/p>\n\n\n\n<h2 class=\"wp-block-heading kg-section-title has-cream-color has-text-color has-x-large-font-size\">V\u00e4ndgatan 5, Skoghall<\/h2>\n\n\n\n<p class=\"has-cream-color has-text-color wp-block-paragraph\">Kluddgymmet h\u00e5ller till i <a href=\"https:\/\/boka.se\/rockysstudio\/events?_gl=1*1apfipj*_up*MQ..*_ga*MzA2MTMyODQzLjE3ODc4MTc4ODI.*_ga_6P8TXJPHPK*czE3ODc4MTc4ODAkbzEkZzAkdDE3ODc4MTc4ODAkajYwJGwwJGgw\">Rocky&#8217;s Studio<\/a>s lokal p\u00e5 V\u00e4ndgatan 5 \u2014 en gammal butikslokal mitt i Skoghall. L\u00e4tt att hitta och l\u00e4tt att parkera utanf\u00f6r. Torsdagar 18.00\u201320.00, d\u00f6rren \u00e4r \u00f6ppen 15 minuter innan vi drar ig\u00e5ng.<\/p>\n\n\n\n<p class=\"has-cream-color has-text-color wp-block-paragraph\">Fika finns framme. Kom som du \u00e4r, kl\u00e4der du inte \u00e4r r\u00e4dd om \u00e4r en bra id\u00e9. Varmt v\u00e4lkommen!<\/p>\n\n\n\n<p class=\"has-cream-color has-text-color wp-block-paragraph\"><a href=\"mailto:hej@kluddgymmet.se\">hej@kluddgymmet.se<\/a><br><a href=\"tel:+46735790445\">073-579 04 45<\/a><\/p>\n<\/div>\n\n\n\n<div class=\"wp-block-column is-vertically-aligned-center is-layout-flow wp-block-column-is-layout-flow\">\n<div class=\"kg-map-shell\"><iframe src=\"https:\/\/www.google.com\/maps\/embed?pb=!1m18!1m12!1m3!1d2035.7631739168091!2d13.468120277228161!3d59.32021147460985!2m3!1f0!2f0!3f0!3m2!1i1024!2i768!4f13.1!3m3!1m2!1s0x465cadfcf0da5fcb%3A0x1c5386d8d66b8a5c!2sV%C3%A4ndgatan%205%2C%20663%2032%20Skoghall!5e0!3m2!1ssv!2sse!4v1784551920706!5m2!1ssv!2sse\" title=\"Karta till V\u00e4ndgatan 5 i Skoghall\" loading=\"lazy\" referrerpolicy=\"no-referrer-when-downgrade\" allowfullscreen><\/iframe><\/div>\n<\/div>\n<\/div>\n<\/section>\n","protected":false},"excerpt":{"rendered":"<p>Stretcha din kreativitet Kreativitet \u00e4r en muskel, inte en talang! Kluddgymmet \u00e4r en plats d\u00e4r du tr\u00e4nar kreativitet, utan press p\u00e5 resultat \u2014 bara gl\u00e4dje och nyfikenhet inf\u00f6r det som skapas. Ju mer du tr\u00e4nar den kreativa muskeln, desto starkare blir den. Vi k\u00f6r ig\u00e5ng med: Skapa med f\u00e4rg!Torsdagar 18.00 \u201320.00 \u00b7 V\u00e4ndgatan 5, Skoghall [&hellip;]<\/p>\n","protected":false},"author":1,"featured_media":0,"parent":0,"menu_order":0,"comment_status":"closed","ping_status":"closed","template":"","meta":{"footnotes":""},"class_list":["post-8","page","type-page","status-publish","hentry"],"_links":{"self":[{"href":"https:\/\/kluddgymmet.se\/index.php?rest_route=\/wp\/v2\/pages\/8","targetHints":{"allow":["GET"]}}],"collection":[{"href":"https:\/\/kluddgymmet.se\/index.php?rest_route=\/wp\/v2\/pages"}],"about":[{"href":"https:\/\/kluddgymmet.se\/index.php?rest_route=\/wp\/v2\/types\/page"}],"author":[{"embeddable":true,"href":"https:\/\/kluddgymmet.se\/index.php?rest_route=\/wp\/v2\/users\/1"}],"replies":[{"embeddable":true,"href":"https:\/\/kluddgymmet.se\/index.php?rest_route=%2Fwp%2Fv2%2Fcomments&post=8"}],"version-history":[{"count":43,"href":"https:\/\/kluddgymmet.se\/index.php?rest_route=\/wp\/v2\/pages\/8\/revisions"}],"predecessor-version":[{"id":85,"href":"https:\/\/kluddgymmet.se\/index.php?rest_route=\/wp\/v2\/pages\/8\/revisions\/85"}],"wp:attachment":[{"href":"https:\/\/kluddgymmet.se\/index.php?rest_route=%2Fwp%2Fv2%2Fmedia&parent=8"}],"curies":[{"name":"wp","href":"https:\/\/api.w.org\/{rel}","templated":true}]}}